{"id":2,"date":"2019-11-30T17:03:19","date_gmt":"2019-11-30T16:03:19","guid":{"rendered":"https:\/\/www.almahistoricahotel.com\/web\/?page_id=2"},"modified":"2022-09-20T13:52:09","modified_gmt":"2022-09-20T11:52:09","slug":"inicio-2","status":"publish","type":"page","link":"https:\/\/almahistoricahotel.com\/en\/inicio-2\/","title":{"rendered":"Home"},"content":{"rendered":"<div data-mirai-component=\"finder\"><\/div>\n<img loading=\"lazy\" decoding=\"async\" src=\"https:\/\/almahistoricahotel.com\/wp-content\/uploads\/2019\/12\/portada-hotel.jpg\" sizes=\"auto, (max-width: 600px) 100vw, 600px\" srcset=\"https:\/\/almahistoricahotel.com\/wp-content\/uploads\/2019\/12\/portada-hotel.jpg 600w, https:\/\/almahistoricahotel.com\/wp-content\/uploads\/2019\/12\/portada-hotel-224x300.jpg 224w\" alt=\"\" width=\"600\" height=\"803\" \/><\/p>\n<h3>EN EL CORAZ\u00d3N DE LA CIUDAD ANTIGUA DE MONTEVIDEO. CULTURA, ELEGANCIA Y COMODIDAD. HOMENAJEAMOS LA IDENTIDAD DE URUGUAY DESDE SUS PRINCIPIOS.\u00a1BIENVENIDOS A ALMA HIST\u00d3RICA BOUTIQUE HOTEL!<\/h3>\n<p>Alma Hist\u00f3rica Boutique Hotel fue creado por un grupo de personas apasionadas por la cultura, la hospitalidad y el buen servicio. Viajeros, profesionales, amantes del arte y el dise\u00f1o. Buscadores de secretos escondidos y creadores de experiencias \u00fanicas. Un equipo multidisciplinario cuyo foco fue crear un espacio d\u00f3nde se refleje la identidad cultural de Uruguay y la elegancia de la zona, combinado con ambientes c\u00f3modos y exclusivos, d\u00f3nde los hu\u00e9spedes se sienten como en su casa.<\/p>\n<p>En Alma Hist\u00f3rica nos preocupamos por el medio ambiente, por eso, realizamos todo lo que est\u00e1 a nuestro alcance para minimizar nuestro impacto y ser amigables con el mundo en que vivimos.<br \/>\nLos pilares inspiradores en los cuales Alma Hist\u00f3rica basa la experiencia que brinda a sus hu\u00e9spedes son:<\/p>\n<p><strong>ESTILO:<\/strong> Sorprender a los hu\u00e9spedes con un ambiente y un servicio elegante y refinado.<br \/>\n<strong>CALIDAD:<\/strong> Cuidar todos los detalles, ofreciendo instalaciones y servicios c\u00f3modos, pr\u00e1cticos y finos.<br \/>\n<strong>COMPROMISO CON LA CULTURA:<\/strong> Estar comprometidos con desarrollar actividades que fomenten la cultura de Uruguay, para que los hu\u00e9spedes vivan una experiencia cultural \u00fanica.<br \/>\n<strong>SERVICIO PERSONALIZADO Y EXCLUSIVO:<\/strong> Tratar de manera preferencial a los hu\u00e9spedes poniendo especial \u00e9nfasis en hacerlos sentir especial y \u00fanicos.<\/p>\n<h3>We have 15 different rooms distributed in 3 categories. Each room is unique and inspired by characters from Uruguay\u2019s culture. Every detail has been considered to create a comfortable and sophisticated space.<\/h3>\n<p>Pillow collection<br \/>\n100% Egyptian cotton 320 thread count bed linen<br \/>\nPremium mattress made with Swiss technology<br \/>\nNatural amenities<br \/>\nSmart TV<br \/>\nMinibar<br \/>\nSafety box<br \/>\nAir conditioning\/heating<\/p>\n<h3>Alma Hist\u00f3rica Boutique Hotel es un hotel de lujo dedicado a la cultura de Uruguay.\u00a0 Cada una de las 15 habitaciones es especial y est\u00e1 decorada en homenaje a un personaje de la cultura del pais.<\/h3>\n<p>Pillow collection<br \/>\n100% Egyptian cotton 320 thread count bed linen<br \/>\nPremium mattress made with Swiss technology<br \/>\nNatural amenities<br \/>\nSmart TV<br \/>\nMinibar<br \/>\nSafety box<br \/>\nAir conditioning\/heating<\/p>\n<h2>Suites<\/h2>\n<p><a href=\"ttps:\/\/www.almahistoricahotel.com\/web\/carlos-gardel\/\">DON CARLOSConocer<\/a><a href=\"https:\/\/almahistoricahotel.com\/en\/web\/joaquin-torres-garcia\/\">DON JOAQU\u00cdNConocer<\/a><br \/>\nPrevious<br \/>\nNext<\/p>\n<h2>Superiores<\/h2>\n<p><a href=\"https:\/\/almahistoricahotel.com\/en\/web\/pedro-figari\/\">DON PEDROConocer<\/a><a href=\"https:\/\/almahistoricahotel.com\/en\/web\/julio-sosa\/\">DON JULIOConocer<\/a><a href=\"https:\/\/almahistoricahotel.com\/en\/web\/delmira-agustini\/\">DO\u00d1A DELMIRAConocer<\/a><a href=\"https:\/\/almahistoricahotel.com\/en\/web\/juana-de-ibarborou\/\">DO\u00d1A JUANAConocer<\/a><a href=\"https:\/\/almahistoricahotel.com\/en\/web\/gerardo-m-rodriguez\/\">DON GERARDOConocer<\/a><a href=\"https:\/\/almahistoricahotel.com\/en\/web\/susana-soca\/\">DO\u00d1A SUSANAConocer<\/a><a href=\"https:\/\/almahistoricahotel.com\/en\/web\/hector-scarone\/\">DON H\u00c9CTORConocer<\/a><a href=\"https:\/\/almahistoricahotel.com\/en\/web\/juan-zorrilla-de-san-martin\/\">DON JOSE LUISConocer<\/a><br \/>\nPrevious<br \/>\nNext<\/p>\n<h2>Classics<\/h2>\n<p><a href=\"https:\/\/almahistoricahotel.com\/en\/web\/cesareo-berisso\/\">DON CES\u00c1REOConocer<\/a><a href=\"https:\/\/almahistoricahotel.com\/en\/web\/don-jose\/\">DON JOS\u00c9Conocer<\/a><a href=\"https:\/\/almahistoricahotel.com\/en\/web\/horacio-quiroga\/\">DON HORACIOConocer<\/a><a href=\"https:\/\/almahistoricahotel.com\/en\/web\/juan-manuel-blanes\/\">DON JUAN MANUELConocer<\/a><a href=\"https:\/\/almahistoricahotel.com\/en\/web\/dona-trinidad\/\">DO\u00d1A TRINIDADConocer<\/a><br \/>\nPrevious<br \/>\nNext<br \/>\n\n<div id=\"sb_instagram\" class=\"sbi sbi_col_4  sbi_width_resp\" style=\"padding-bottom: 10px;width: 100%;\" data-feedid=\"sbi_17841402043861621#8\" data-res=\"auto\" data-cols=\"4\" data-num=\"8\" data-shortcode-atts=\"{}\" >\n\t<div class=\"sb_instagram_header  sbi_no_avatar\" style=\"padding: 5px; margin-bottom: 10px;padding-bottom: 0;\">\n    <a href=\"https:\/\/www.instagram.com\/almahistorica\/\" target=\"_blank\" rel=\"noopener\" title=\"@almahistorica\" class=\"sbi_header_link\">\n        <div class=\"sbi_header_text\">\n            <h3 >almahistorica<\/h3>\n\t                        <p class=\"sbi_bio\" >#boutiquehotel #luxury and cultural experience in the heart of the old city of #Montevideo #Uruguay<\/p>\n\t                <\/div>\n                <div class=\"sbi_header_img\">\n            <div class=\"sbi_header_hashtag_icon\"><svg class=\"sbi_new_logo fa-instagram fa-w-14\" aria-hidden=\"true\" data-fa-processed=\"\" aria-label=\"Instagram\" data-prefix=\"fab\" data-icon=\"instagram\" role=\"img\" viewbox=\"0 0 448 512\">\n\t                <path fill=\"currentColor\" d=\"M224.1 141c-63.6 0-114.9 51.3-114.9 114.9s51.3 114.9 114.9 114.9S339 319.5 339 255.9 287.7 141 224.1 141zm0 189.6c-41.1 0-74.7-33.5-74.7-74.7s33.5-74.7 74.7-74.7 74.7 33.5 74.7 74.7-33.6 74.7-74.7 74.7zm146.4-194.3c0 14.9-12 26.8-26.8 26.8-14.9 0-26.8-12-26.8-26.8s12-26.8 26.8-26.8 26.8 12 26.8 26.8zm76.1 27.2c-1.7-35.9-9.9-67.7-36.2-93.9-26.2-26.2-58-34.4-93.9-36.2-37-2.1-147.9-2.1-184.9 0-35.8 1.7-67.6 9.9-93.9 36.1s-34.4 58-36.2 93.9c-2.1 37-2.1 147.9 0 184.9 1.7 35.9 9.9 67.7 36.2 93.9s58 34.4 93.9 36.2c37 2.1 147.9 2.1 184.9 0 35.9-1.7 67.7-9.9 93.9-36.2 26.2-26.2 34.4-58 36.2-93.9 2.1-37 2.1-147.8 0-184.8zM398.8 388c-7.8 19.6-22.9 34.7-42.6 42.6-29.5 11.7-99.5 9-132.1 9s-102.7 2.6-132.1-9c-19.6-7.8-34.7-22.9-42.6-42.6-11.7-29.5-9-99.5-9-132.1s-2.6-102.7 9-132.1c7.8-19.6 22.9-34.7 42.6-42.6 29.5-11.7 99.5-9 132.1-9s102.7-2.6 132.1 9c19.6 7.8 34.7 22.9 42.6 42.6 11.7 29.5 9 99.5 9 132.1s2.7 102.7-9 132.1z\"><\/path>\n\t            <\/svg><\/div>\n        <\/div>\n        \n    <\/a>\n<\/div>\n    <div id=\"sbi_images\" style=\"padding: 5px;\">\n\t\t<div class=\"sbi_item sbi_type_image sbi_new sbi_transition\" id=\"sbi_18363143074018729\" data-date=\"1683431611\">\n    <div class=\"sbi_photo_wrap\">\n        <a class=\"sbi_photo\" href=\"https:\/\/www.instagram.com\/p\/Cr7XOMJs5Mu\/\" target=\"_blank\" rel=\"noopener\" data-full-res=\"https:\/\/scontent.cdninstagram.com\/v\/t51.29350-15\/345220747_1031370484507230_4076926648051774862_n.jpg?_nc_cat=108&#038;ccb=1-7&#038;_nc_sid=8ae9d6&#038;_nc_ohc=-JxKVSJL41gAX_qLn6G&#038;_nc_ht=scontent.cdninstagram.com&#038;edm=ANo9K5cEAAAA&#038;oh=00_AfCxpgUuggsMo8SGiQ2gvGOQrOMFdwuUmmUKF-VgjeTeIw&#038;oe=647449FA\" data-img-src-set=\"{&quot;d&quot;:&quot;https:\\\/\\\/scontent.cdninstagram.com\\\/v\\\/t51.29350-15\\\/345220747_1031370484507230_4076926648051774862_n.jpg?_nc_cat=108&amp;ccb=1-7&amp;_nc_sid=8ae9d6&amp;_nc_ohc=-JxKVSJL41gAX_qLn6G&amp;_nc_ht=scontent.cdninstagram.com&amp;edm=ANo9K5cEAAAA&amp;oh=00_AfCxpgUuggsMo8SGiQ2gvGOQrOMFdwuUmmUKF-VgjeTeIw&amp;oe=647449FA&quot;,&quot;150&quot;:&quot;https:\\\/\\\/www.instagram.com\\\/p\\\/Cr7XOMJs5Mu\\\/media?size=t&quot;,&quot;320&quot;:&quot;https:\\\/\\\/www.instagram.com\\\/p\\\/Cr7XOMJs5Mu\\\/media?size=m&quot;,&quot;640&quot;:&quot;https:\\\/\\\/scontent.cdninstagram.com\\\/v\\\/t51.29350-15\\\/345220747_1031370484507230_4076926648051774862_n.jpg?_nc_cat=108&amp;ccb=1-7&amp;_nc_sid=8ae9d6&amp;_nc_ohc=-JxKVSJL41gAX_qLn6G&amp;_nc_ht=scontent.cdninstagram.com&amp;edm=ANo9K5cEAAAA&amp;oh=00_AfCxpgUuggsMo8SGiQ2gvGOQrOMFdwuUmmUKF-VgjeTeIw&amp;oe=647449FA&quot;}\">\n            <span class=\"sbi-screenreader\"><\/span>\n            \t                    <img decoding=\"async\" src=\"https:\/\/almahistoricahotel.com\/wp-content\/plugins\/instagram-feed\/img\/placeholder.png\" alt=\"What a day! \u2614\ufe0f #rainyday #doublerainbow\ud83c\udf08\ud83c\udf08 \ud83d\udcf7 @JoseLuisMartirena\">\n        <\/a>\n    <\/div>\n<\/div><div class=\"sbi_item sbi_type_image sbi_new sbi_transition\" id=\"sbi_17872773602894721\" data-date=\"1682950373\">\n    <div class=\"sbi_photo_wrap\">\n        <a class=\"sbi_photo\" href=\"https:\/\/www.instagram.com\/p\/CrtBVNYO4Hy\/\" target=\"_blank\" rel=\"noopener\" data-full-res=\"https:\/\/scontent.cdninstagram.com\/v\/t51.29350-15\/343992216_552002997015193_3914780569113122646_n.jpg?_nc_cat=103&#038;ccb=1-7&#038;_nc_sid=8ae9d6&#038;_nc_ohc=lLlbgxGVk-IAX8cqVQI&#038;_nc_ht=scontent.cdninstagram.com&#038;edm=ANo9K5cEAAAA&#038;oh=00_AfDHeOR9ny3I30Y1sqpbmFyMgrF1vsYoZA9JqUyUfWqjow&#038;oe=647345EF\" data-img-src-set=\"{&quot;d&quot;:&quot;https:\\\/\\\/scontent.cdninstagram.com\\\/v\\\/t51.29350-15\\\/343992216_552002997015193_3914780569113122646_n.jpg?_nc_cat=103&amp;ccb=1-7&amp;_nc_sid=8ae9d6&amp;_nc_ohc=lLlbgxGVk-IAX8cqVQI&amp;_nc_ht=scontent.cdninstagram.com&amp;edm=ANo9K5cEAAAA&amp;oh=00_AfDHeOR9ny3I30Y1sqpbmFyMgrF1vsYoZA9JqUyUfWqjow&amp;oe=647345EF&quot;,&quot;150&quot;:&quot;https:\\\/\\\/www.instagram.com\\\/p\\\/CrtBVNYO4Hy\\\/media?size=t&quot;,&quot;320&quot;:&quot;https:\\\/\\\/www.instagram.com\\\/p\\\/CrtBVNYO4Hy\\\/media?size=m&quot;,&quot;640&quot;:&quot;https:\\\/\\\/scontent.cdninstagram.com\\\/v\\\/t51.29350-15\\\/343992216_552002997015193_3914780569113122646_n.jpg?_nc_cat=103&amp;ccb=1-7&amp;_nc_sid=8ae9d6&amp;_nc_ohc=lLlbgxGVk-IAX8cqVQI&amp;_nc_ht=scontent.cdninstagram.com&amp;edm=ANo9K5cEAAAA&amp;oh=00_AfDHeOR9ny3I30Y1sqpbmFyMgrF1vsYoZA9JqUyUfWqjow&amp;oe=647345EF&quot;}\">\n            <span class=\"sbi-screenreader\">#nofilters #details #boutiquehotel \ud83d\udc90@celiafirpo<\/span>\n            \t                    <img decoding=\"async\" src=\"https:\/\/almahistoricahotel.com\/wp-content\/plugins\/instagram-feed\/img\/placeholder.png\" alt=\"#nofilters #details #boutiquehotel \ud83d\udc90@celiafirpo\">\n        <\/a>\n    <\/div>\n<\/div><div class=\"sbi_item sbi_type_video sbi_new sbi_transition\" id=\"sbi_17865710381904909\" data-date=\"1680751881\">\n    <div class=\"sbi_photo_wrap\">\n        <a class=\"sbi_photo\" href=\"https:\/\/www.instagram.com\/reel\/Cqrf2FEM-zz\/\" target=\"_blank\" rel=\"noopener\" data-full-res=\"https:\/\/scontent.cdninstagram.com\/v\/t51.36329-15\/339795332_2086636074875162_9025031846177668127_n.jpg?_nc_cat=105&#038;ccb=1-7&#038;_nc_sid=8ae9d6&#038;_nc_ohc=0TqSvY3b01UAX_Drf45&#038;_nc_ht=scontent.cdninstagram.com&#038;edm=ANo9K5cEAAAA&#038;oh=00_AfDnaWIxFSFQpV5NempibTMSOcfoRxSN-SRb9qLmuLQ_iw&#038;oe=6474081B\" data-img-src-set=\"{&quot;d&quot;:&quot;https:\\\/\\\/scontent.cdninstagram.com\\\/v\\\/t51.36329-15\\\/339795332_2086636074875162_9025031846177668127_n.jpg?_nc_cat=105&amp;ccb=1-7&amp;_nc_sid=8ae9d6&amp;_nc_ohc=0TqSvY3b01UAX_Drf45&amp;_nc_ht=scontent.cdninstagram.com&amp;edm=ANo9K5cEAAAA&amp;oh=00_AfDnaWIxFSFQpV5NempibTMSOcfoRxSN-SRb9qLmuLQ_iw&amp;oe=6474081B&quot;,&quot;150&quot;:&quot;https:\\\/\\\/www.instagram.com\\\/reel\\\/Cqrf2FEM-zz\\\/media?size=t&quot;,&quot;320&quot;:&quot;https:\\\/\\\/www.instagram.com\\\/reel\\\/Cqrf2FEM-zz\\\/media?size=m&quot;,&quot;640&quot;:&quot;https:\\\/\\\/www.instagram.com\\\/reel\\\/Cqrf2FEM-zz\\\/media?size=l&quot;}\">\n            <span class=\"sbi-screenreader\">Happy Easter! Postcards from CV, Ciudad Vieja en M<\/span>\n            \t        <svg style=\"color: rgba(255,255,255,1)\" class=\"svg-inline--fa fa-play fa-w-14 sbi_playbtn\" aria-label=\"Play\" aria-hidden=\"true\" data-fa-processed=\"\" data-prefix=\"fa\" data-icon=\"play\" role=\"presentation\" xmlns=\"http:\/\/www.w3.org\/2000\/svg\" viewbox=\"0 0 448 512\"><path fill=\"currentColor\" d=\"M424.4 214.7L72.4 6.6C43.8-10.3 0 6.1 0 47.9V464c0 37.5 40.7 60.1 72.4 41.3l352-208c31.4-18.5 31.5-64.1 0-82.6z\"><\/path><\/svg>            <img decoding=\"async\" src=\"https:\/\/almahistoricahotel.com\/wp-content\/plugins\/instagram-feed\/img\/placeholder.png\" alt=\"Happy Easter! Postcards from CV, Ciudad Vieja en Montevideo #yougottavisitus #CiudadVieja #uruguay #weloveourneighborhood \ud83c\udfa5 @sebaangok\">\n        <\/a>\n    <\/div>\n<\/div><div class=\"sbi_item sbi_type_video sbi_new sbi_transition\" id=\"sbi_17960885288215425\" data-date=\"1679360694\">\n    <div class=\"sbi_photo_wrap\">\n        <a class=\"sbi_photo\" href=\"https:\/\/www.instagram.com\/reel\/CqCCEw-oil6\/\" target=\"_blank\" rel=\"noopener\" data-full-res=\"https:\/\/scontent.cdninstagram.com\/v\/t51.36329-15\/336509981_155647307061705_8794214152919821231_n.jpg?_nc_cat=102&#038;ccb=1-7&#038;_nc_sid=8ae9d6&#038;_nc_ohc=jNNU2NG2XDgAX83KLKL&#038;_nc_ht=scontent.cdninstagram.com&#038;edm=ANo9K5cEAAAA&#038;oh=00_AfAWb5wqZwih_i4EcWo3XB8ltzUymNIapYc2XN9iF1sQBw&#038;oe=6472DA7C\" data-img-src-set=\"{&quot;d&quot;:&quot;https:\\\/\\\/scontent.cdninstagram.com\\\/v\\\/t51.36329-15\\\/336509981_155647307061705_8794214152919821231_n.jpg?_nc_cat=102&amp;ccb=1-7&amp;_nc_sid=8ae9d6&amp;_nc_ohc=jNNU2NG2XDgAX83KLKL&amp;_nc_ht=scontent.cdninstagram.com&amp;edm=ANo9K5cEAAAA&amp;oh=00_AfAWb5wqZwih_i4EcWo3XB8ltzUymNIapYc2XN9iF1sQBw&amp;oe=6472DA7C&quot;,&quot;150&quot;:&quot;https:\\\/\\\/www.instagram.com\\\/reel\\\/CqCCEw-oil6\\\/media?size=t&quot;,&quot;320&quot;:&quot;https:\\\/\\\/www.instagram.com\\\/reel\\\/CqCCEw-oil6\\\/media?size=m&quot;,&quot;640&quot;:&quot;https:\\\/\\\/www.instagram.com\\\/reel\\\/CqCCEw-oil6\\\/media?size=l&quot;}\">\n            <span class=\"sbi-screenreader\"><\/span>\n            \t        <svg style=\"color: rgba(255,255,255,1)\" class=\"svg-inline--fa fa-play fa-w-14 sbi_playbtn\" aria-label=\"Play\" aria-hidden=\"true\" data-fa-processed=\"\" data-prefix=\"fa\" data-icon=\"play\" role=\"presentation\" xmlns=\"http:\/\/www.w3.org\/2000\/svg\" viewbox=\"0 0 448 512\"><path fill=\"currentColor\" d=\"M424.4 214.7L72.4 6.6C43.8-10.3 0 6.1 0 47.9V464c0 37.5 40.7 60.1 72.4 41.3l352-208c31.4-18.5 31.5-64.1 0-82.6z\"><\/path><\/svg>            <img decoding=\"async\" src=\"https:\/\/almahistoricahotel.com\/wp-content\/plugins\/instagram-feed\/img\/placeholder.png\" alt=\"Verano montevideano en fotos \ud83c\udf49\u2600\ufe0f\ud83d\udcf8 \ud83d\ude0e\u26f1\ud83d\udd76\ud83c\udf06#summertime #montevideo #uruguay #letsvisituruguay #comeandvisitus \ud83c\uddfa\ud83c\uddfe #montevideo\">\n        <\/a>\n    <\/div>\n<\/div><div class=\"sbi_item sbi_type_carousel sbi_new sbi_transition\" id=\"sbi_17937688979625881\" data-date=\"1678841772\">\n    <div class=\"sbi_photo_wrap\">\n        <a class=\"sbi_photo\" href=\"https:\/\/www.instagram.com\/p\/CpykzC8IJNj\/\" target=\"_blank\" rel=\"noopener\" data-full-res=\"https:\/\/scontent.cdninstagram.com\/v\/t51.29350-15\/335754737_1177356889618017_4677118797487992340_n.jpg?_nc_cat=106&#038;ccb=1-7&#038;_nc_sid=8ae9d6&#038;_nc_ohc=CBMjldHHLhgAX-FpHaw&#038;_nc_oc=AQnTMAuw1psOvqLJvbIVCGk5M6G4NGvCyCr0KfWud_XphvzAFzq2zA2dqh1jvGgSk9Y&#038;_nc_ht=scontent.cdninstagram.com&#038;edm=ANo9K5cEAAAA&#038;oh=00_AfBImfYvwcgEIruCeT5pWJGPD-crY17T8Udeh8ONcvIQ3A&#038;oe=6472FB11\" data-img-src-set=\"{&quot;d&quot;:&quot;https:\\\/\\\/scontent.cdninstagram.com\\\/v\\\/t51.29350-15\\\/335754737_1177356889618017_4677118797487992340_n.jpg?_nc_cat=106&amp;ccb=1-7&amp;_nc_sid=8ae9d6&amp;_nc_ohc=CBMjldHHLhgAX-FpHaw&amp;_nc_oc=AQnTMAuw1psOvqLJvbIVCGk5M6G4NGvCyCr0KfWud_XphvzAFzq2zA2dqh1jvGgSk9Y&amp;_nc_ht=scontent.cdninstagram.com&amp;edm=ANo9K5cEAAAA&amp;oh=00_AfBImfYvwcgEIruCeT5pWJGPD-crY17T8Udeh8ONcvIQ3A&amp;oe=6472FB11&quot;,&quot;150&quot;:&quot;https:\\\/\\\/www.instagram.com\\\/p\\\/CpykzC8IJNj\\\/media?size=t&quot;,&quot;320&quot;:&quot;https:\\\/\\\/www.instagram.com\\\/p\\\/CpykzC8IJNj\\\/media?size=m&quot;,&quot;640&quot;:&quot;https:\\\/\\\/www.instagram.com\\\/p\\\/CpykzC8IJNj\\\/media?size=l&quot;}\">\n            <span class=\"sbi-screenreader\">#LETSDANCE! We are so proud of #ourneighbourhood #<\/span>\n            <svg class=\"svg-inline--fa fa-clone fa-w-16 sbi_lightbox_carousel_icon\" aria-hidden=\"true\" aria-label=\"Clone\" data-fa-pro\u0192cessed=\"\" data-prefix=\"far\" data-icon=\"clone\" role=\"img\" xmlns=\"http:\/\/www.w3.org\/2000\/svg\" viewbox=\"0 0 512 512\">\n\t                <path fill=\"currentColor\" d=\"M464 0H144c-26.51 0-48 21.49-48 48v48H48c-26.51 0-48 21.49-48 48v320c0 26.51 21.49 48 48 48h320c26.51 0 48-21.49 48-48v-48h48c26.51 0 48-21.49 48-48V48c0-26.51-21.49-48-48-48zM362 464H54a6 6 0 0 1-6-6V150a6 6 0 0 1 6-6h42v224c0 26.51 21.49 48 48 48h224v42a6 6 0 0 1-6 6zm96-96H150a6 6 0 0 1-6-6V54a6 6 0 0 1 6-6h308a6 6 0 0 1 6 6v308a6 6 0 0 1-6 6z\"><\/path>\n\t            <\/svg>\t                    <img decoding=\"async\" src=\"https:\/\/almahistoricahotel.com\/wp-content\/plugins\/instagram-feed\/img\/placeholder.png\" alt=\"#LETSDANCE! We are so proud of #ourneighbourhood #ciudadviejamontevideo  Thanks to @rondademujeres for the coolest night of this #endofsummer \u2728\ud83d\udc83\ud83c\udffc\ud83d\udd7a\ud83c\udffb #comeandvisituruguay \ud83c\uddfa\ud83c\uddfe\">\n        <\/a>\n    <\/div>\n<\/div><div class=\"sbi_item sbi_type_image sbi_new sbi_transition\" id=\"sbi_17906029691729570\" data-date=\"1678329231\">\n    <div class=\"sbi_photo_wrap\">\n        <a class=\"sbi_photo\" href=\"https:\/\/www.instagram.com\/p\/CpjTNCOMc79\/\" target=\"_blank\" rel=\"noopener\" data-full-res=\"https:\/\/scontent.cdninstagram.com\/v\/t51.29350-15\/333330465_763605845111530_6908058721368007459_n.jpg?_nc_cat=111&#038;ccb=1-7&#038;_nc_sid=8ae9d6&#038;_nc_ohc=eIuokgJ-1zcAX9QQ48s&#038;_nc_ht=scontent.cdninstagram.com&#038;edm=ANo9K5cEAAAA&#038;oh=00_AfCUVelx23tkbDaqdDyy7WJtYur2OPv99foxI_ROc33gtQ&#038;oe=6473A2E9\" data-img-src-set=\"{&quot;d&quot;:&quot;https:\\\/\\\/scontent.cdninstagram.com\\\/v\\\/t51.29350-15\\\/333330465_763605845111530_6908058721368007459_n.jpg?_nc_cat=111&amp;ccb=1-7&amp;_nc_sid=8ae9d6&amp;_nc_ohc=eIuokgJ-1zcAX9QQ48s&amp;_nc_ht=scontent.cdninstagram.com&amp;edm=ANo9K5cEAAAA&amp;oh=00_AfCUVelx23tkbDaqdDyy7WJtYur2OPv99foxI_ROc33gtQ&amp;oe=6473A2E9&quot;,&quot;150&quot;:&quot;https:\\\/\\\/www.instagram.com\\\/p\\\/CpjTNCOMc79\\\/media?size=t&quot;,&quot;320&quot;:&quot;https:\\\/\\\/www.instagram.com\\\/p\\\/CpjTNCOMc79\\\/media?size=m&quot;,&quot;640&quot;:&quot;https:\\\/\\\/scontent.cdninstagram.com\\\/v\\\/t51.29350-15\\\/333330465_763605845111530_6908058721368007459_n.jpg?_nc_cat=111&amp;ccb=1-7&amp;_nc_sid=8ae9d6&amp;_nc_ohc=eIuokgJ-1zcAX9QQ48s&amp;_nc_ht=scontent.cdninstagram.com&amp;edm=ANo9K5cEAAAA&amp;oh=00_AfCUVelx23tkbDaqdDyy7WJtYur2OPv99foxI_ROc33gtQ&amp;oe=6473A2E9&quot;}\">\n            <span class=\"sbi-screenreader\">Don\u2019t miss it! This is the night!  Crear para ha<\/span>\n            \t                    <img decoding=\"async\" src=\"https:\/\/almahistoricahotel.com\/wp-content\/plugins\/instagram-feed\/img\/placeholder.png\" alt=\"Don\u2019t miss it! This is the night!  Crear para habitar el barrio. Ronda de Mujeres busca generar paisajes visuales y sonoros que promueven nuevas formas de experimentar y habitar los espacios \ud83e\udef6 por eso queremos amplificar la energ\u00eda del encuentro en El Jard\u00edn del Palacio @artesdecorativasuy  e invitarles a recorrer el Circuito RDM en el barrio m\u00e1s multicultural, nuestra querida Ciudad Vieja\u2763\ufe0fAqu\u00ed les compartimos el mapa del Circuito para descubrir espacios, y placeres, desde el movimiento y la acci\u00f3n contin\u00faa. Una nueva oportunidad para convivir y disfrutar \u2728  #enjoymvd \ud83e\uddda\ud83c\udffb\u200d\u2642\ufe0f\">\n        <\/a>\n    <\/div>\n<\/div><div class=\"sbi_item sbi_type_carousel sbi_new sbi_transition\" id=\"sbi_17979410263856521\" data-date=\"1676505768\">\n    <div class=\"sbi_photo_wrap\">\n        <a class=\"sbi_photo\" href=\"https:\/\/www.instagram.com\/p\/Cos9OVYIjGJ\/\" target=\"_blank\" rel=\"noopener\" data-full-res=\"https:\/\/scontent.cdninstagram.com\/v\/t51.29350-15\/330854900_172097438890203_8092061052168116229_n.jpg?_nc_cat=101&#038;ccb=1-7&#038;_nc_sid=8ae9d6&#038;_nc_ohc=ZIrWkqZpb2UAX_hpCVP&#038;_nc_ht=scontent.cdninstagram.com&#038;edm=ANo9K5cEAAAA&#038;oh=00_AfALRqUZ0SayLuPLbO92qeW7GLEw9ipUAYWa29HuD4a5sA&#038;oe=64734922\" data-img-src-set=\"{&quot;d&quot;:&quot;https:\\\/\\\/scontent.cdninstagram.com\\\/v\\\/t51.29350-15\\\/330854900_172097438890203_8092061052168116229_n.jpg?_nc_cat=101&amp;ccb=1-7&amp;_nc_sid=8ae9d6&amp;_nc_ohc=ZIrWkqZpb2UAX_hpCVP&amp;_nc_ht=scontent.cdninstagram.com&amp;edm=ANo9K5cEAAAA&amp;oh=00_AfALRqUZ0SayLuPLbO92qeW7GLEw9ipUAYWa29HuD4a5sA&amp;oe=64734922&quot;,&quot;150&quot;:&quot;https:\\\/\\\/www.instagram.com\\\/p\\\/Cos9OVYIjGJ\\\/media?size=t&quot;,&quot;320&quot;:&quot;https:\\\/\\\/www.instagram.com\\\/p\\\/Cos9OVYIjGJ\\\/media?size=m&quot;,&quot;640&quot;:&quot;https:\\\/\\\/www.instagram.com\\\/p\\\/Cos9OVYIjGJ\\\/media?size=l&quot;}\">\n            <span class=\"sbi-screenreader\">#uruguay is the country With the longest carnival <\/span>\n            <svg class=\"svg-inline--fa fa-clone fa-w-16 sbi_lightbox_carousel_icon\" aria-hidden=\"true\" aria-label=\"Clone\" data-fa-pro\u0192cessed=\"\" data-prefix=\"far\" data-icon=\"clone\" role=\"img\" xmlns=\"http:\/\/www.w3.org\/2000\/svg\" viewbox=\"0 0 512 512\">\n\t                <path fill=\"currentColor\" d=\"M464 0H144c-26.51 0-48 21.49-48 48v48H48c-26.51 0-48 21.49-48 48v320c0 26.51 21.49 48 48 48h320c26.51 0 48-21.49 48-48v-48h48c26.51 0 48-21.49 48-48V48c0-26.51-21.49-48-48-48zM362 464H54a6 6 0 0 1-6-6V150a6 6 0 0 1 6-6h42v224c0 26.51 21.49 48 48 48h224v42a6 6 0 0 1-6 6zm96-96H150a6 6 0 0 1-6-6V54a6 6 0 0 1 6-6h308a6 6 0 0 1 6 6v308a6 6 0 0 1-6 6z\"><\/path>\n\t            <\/svg>\t                    <img decoding=\"async\" src=\"https:\/\/almahistoricahotel.com\/wp-content\/plugins\/instagram-feed\/img\/placeholder.png\" alt=\"#uruguay is the country With the longest carnival celebration #comeandvisituruguay this week-end is a 4 days no stop carnaval feast within all its shape #murga #humoristas #candombe  #colours #music #fun #dancing  #carnival val2023 \ud83c\uddfa\ud83c\uddfe\ud83c\udfad\ud83e\udd73 \ud83d\udcf8@paoalcortafotografia\">\n        <\/a>\n    <\/div>\n<\/div><div class=\"sbi_item sbi_type_image sbi_new sbi_transition\" id=\"sbi_18209428183168812\" data-date=\"1675628166\">\n    <div class=\"sbi_photo_wrap\">\n        <a class=\"sbi_photo\" href=\"https:\/\/www.instagram.com\/p\/CoSzVHlJgN0\/\" target=\"_blank\" rel=\"noopener\" data-full-res=\"https:\/\/scontent.cdninstagram.com\/v\/t51.29350-15\/329248164_543441081079078_4176231700060924342_n.jpg?_nc_cat=105&#038;ccb=1-7&#038;_nc_sid=8ae9d6&#038;_nc_ohc=cFL_YIT8f6kAX_43DXD&#038;_nc_ht=scontent.cdninstagram.com&#038;edm=ANo9K5cEAAAA&#038;oh=00_AfAw9u4rSaOym-dWtzn4JgoGGrzRO7eas54UKccaCl0L6w&#038;oe=64745EDC\" data-img-src-set=\"{&quot;d&quot;:&quot;https:\\\/\\\/scontent.cdninstagram.com\\\/v\\\/t51.29350-15\\\/329248164_543441081079078_4176231700060924342_n.jpg?_nc_cat=105&amp;ccb=1-7&amp;_nc_sid=8ae9d6&amp;_nc_ohc=cFL_YIT8f6kAX_43DXD&amp;_nc_ht=scontent.cdninstagram.com&amp;edm=ANo9K5cEAAAA&amp;oh=00_AfAw9u4rSaOym-dWtzn4JgoGGrzRO7eas54UKccaCl0L6w&amp;oe=64745EDC&quot;,&quot;150&quot;:&quot;https:\\\/\\\/www.instagram.com\\\/p\\\/CoSzVHlJgN0\\\/media?size=t&quot;,&quot;320&quot;:&quot;https:\\\/\\\/www.instagram.com\\\/p\\\/CoSzVHlJgN0\\\/media?size=m&quot;,&quot;640&quot;:&quot;https:\\\/\\\/scontent.cdninstagram.com\\\/v\\\/t51.29350-15\\\/329248164_543441081079078_4176231700060924342_n.jpg?_nc_cat=105&amp;ccb=1-7&amp;_nc_sid=8ae9d6&amp;_nc_ohc=cFL_YIT8f6kAX_43DXD&amp;_nc_ht=scontent.cdninstagram.com&amp;edm=ANo9K5cEAAAA&amp;oh=00_AfAw9u4rSaOym-dWtzn4JgoGGrzRO7eas54UKccaCl0L6w&amp;oe=64745EDC&quot;}\">\n            <span class=\"sbi-screenreader\">How was your week end? This was ours \ud83c\udf27 \ud83c\udf08 \u2600<\/span>\n            \t                    <img decoding=\"async\" src=\"https:\/\/almahistoricahotel.com\/wp-content\/plugins\/instagram-feed\/img\/placeholder.png\" alt=\"How was your week end? This was ours \ud83c\udf27 \ud83c\udf08 \u2600\ufe0f \ud83d\udcf7 @mharchee\">\n        <\/a>\n    <\/div>\n<\/div>    <\/div>\n\n\t<div id=\"sbi_load\">\n\n\t\n\t    <span class=\"sbi_follow_btn sbi_custom\">\n        <a href=\"https:\/\/www.instagram.com\/almahistorica\/\" style=\"background: rgb(96,3,24);\" target=\"_blank\" rel=\"noopener\"><svg class=\"svg-inline--fa fa-instagram fa-w-14\" aria-hidden=\"true\" data-fa-processed=\"\" aria-label=\"Instagram\" data-prefix=\"fab\" data-icon=\"instagram\" role=\"img\" viewbox=\"0 0 448 512\">\n\t                <path fill=\"currentColor\" d=\"M224.1 141c-63.6 0-114.9 51.3-114.9 114.9s51.3 114.9 114.9 114.9S339 319.5 339 255.9 287.7 141 224.1 141zm0 189.6c-41.1 0-74.7-33.5-74.7-74.7s33.5-74.7 74.7-74.7 74.7 33.5 74.7 74.7-33.6 74.7-74.7 74.7zm146.4-194.3c0 14.9-12 26.8-26.8 26.8-14.9 0-26.8-12-26.8-26.8s12-26.8 26.8-26.8 26.8 12 26.8 26.8zm76.1 27.2c-1.7-35.9-9.9-67.7-36.2-93.9-26.2-26.2-58-34.4-93.9-36.2-37-2.1-147.9-2.1-184.9 0-35.8 1.7-67.6 9.9-93.9 36.1s-34.4 58-36.2 93.9c-2.1 37-2.1 147.9 0 184.9 1.7 35.9 9.9 67.7 36.2 93.9s58 34.4 93.9 36.2c37 2.1 147.9 2.1 184.9 0 35.9-1.7 67.7-9.9 93.9-36.2 26.2-26.2 34.4-58 36.2-93.9 2.1-37 2.1-147.8 0-184.8zM398.8 388c-7.8 19.6-22.9 34.7-42.6 42.6-29.5 11.7-99.5 9-132.1 9s-102.7 2.6-132.1-9c-19.6-7.8-34.7-22.9-42.6-42.6-11.7-29.5-9-99.5-9-132.1s-2.6-102.7 9-132.1c7.8-19.6 22.9-34.7 42.6-42.6 29.5-11.7 99.5-9 132.1-9s102.7-2.6 132.1 9c19.6 7.8 34.7 22.9 42.6 42.6 11.7 29.5 9 99.5 9 132.1s2.7 102.7-9 132.1z\"><\/path>\n\t            <\/svg>Follow Us<\/a>\n    <\/span>\n\t\n<\/div>\n\t    <span class=\"sbi_resized_image_data\" data-feed-id=\"sbi_17841402043861621#8\" data-resized=\"{&quot;18209428183168812&quot;:{&quot;id&quot;:&quot;329248164_543441081079078_4176231700060924342_n&quot;,&quot;ratio&quot;:&quot;1.00&quot;,&quot;sizes&quot;:{&quot;full&quot;:640,&quot;low&quot;:320}},&quot;17979410263856521&quot;:{&quot;id&quot;:&quot;330854900_172097438890203_8092061052168116229_n&quot;,&quot;ratio&quot;:&quot;0.80&quot;,&quot;sizes&quot;:{&quot;full&quot;:640,&quot;low&quot;:320}},&quot;17906029691729570&quot;:{&quot;id&quot;:&quot;333330465_763605845111530_6908058721368007459_n&quot;,&quot;ratio&quot;:&quot;1.00&quot;,&quot;sizes&quot;:{&quot;full&quot;:640,&quot;low&quot;:320}},&quot;17937688979625881&quot;:{&quot;id&quot;:&quot;335754737_1177356889618017_4677118797487992340_n&quot;,&quot;ratio&quot;:&quot;1.00&quot;,&quot;sizes&quot;:{&quot;full&quot;:640,&quot;low&quot;:320}},&quot;17960885288215425&quot;:{&quot;id&quot;:&quot;336942464_1650013028754773_6697088245236290491_n&quot;,&quot;ratio&quot;:&quot;0.56&quot;,&quot;sizes&quot;:{&quot;full&quot;:640,&quot;low&quot;:320}},&quot;17865710381904909&quot;:{&quot;id&quot;:&quot;339681890_183538237819399_1788799362678082511_n&quot;,&quot;ratio&quot;:&quot;0.56&quot;,&quot;sizes&quot;:{&quot;full&quot;:640,&quot;low&quot;:320}},&quot;17872773602894721&quot;:{&quot;id&quot;:&quot;343992216_552002997015193_3914780569113122646_n&quot;,&quot;ratio&quot;:&quot;1.00&quot;,&quot;sizes&quot;:{&quot;full&quot;:640,&quot;low&quot;:320}},&quot;18363143074018729&quot;:{&quot;id&quot;:&quot;345220747_1031370484507230_4076926648051774862_n&quot;,&quot;ratio&quot;:&quot;1.00&quot;,&quot;sizes&quot;:{&quot;full&quot;:640,&quot;low&quot;:320}}}\">\n\t<\/span>\n\t        <div id=\"sbi_mod_error\">\n            <span>This error message is only visible to WordPress admins<\/span><br \/>\n        <p><b>Error: API requests are being delayed for this account. New posts will not be retrieved.<\/b><\/p><p>There may be an issue with the Instagram access token that you are using. Your server might also be unable to connect to Instagram at this time.<\/p>        <\/div>\n        <\/div>","protected":false},"excerpt":{"rendered":"<p>EN EL CORAZ\u00d3N DE LA CIUDAD ANTIGUA DE MONTEVIDEO. CULTURA, ELEGANCIA Y COMODIDAD. HOMENAJEAMOS LA IDENTIDAD DE URUGUAY DESDE SUS PRINCIPIOS.\u00a1BIENVENIDOS A ALMA HIST\u00d3RICA BOUTIQUE HOTEL! Alma Hist\u00f3rica Boutique Hotel fue creado por un grupo de personas apasionadas por la cultura, la hospitalidad y el buen servicio. Viajeros, profesionales, amantes del arte y el dise\u00f1o. [&#8230;]","protected":false},"author":1,"featured_media":0,"parent":0,"menu_order":0,"comment_status":"closed","ping_status":"open","template":"elementor_header_footer","meta":{"footnotes":""},"class_list":["post-2","page","type-page","status-publish","hentry"],"yoast_head":"<!-- This site is optimized with the Yoast SEO plugin v19.10 - https:\/\/yoast.com\/wordpress\/plugins\/seo\/ -->\n<title>Alma Historica Hotel - Hotel Boutique en Montevideo - Uruguay<\/title>\n<meta name=\"description\" content=\"Contamos con 15 habitaciones diferentes, distribuidas en 3 categor\u00edas. Cada habitaci\u00f3n es especial y est\u00e1 inspirada en un personaje de la cultura uruguaya. Pensamos cada uno de sus detalles para crear un espacio confortable y elegante.\" \/>\n<meta name=\"robots\" content=\"index, follow, max-snippet:-1, max-image-preview:large, max-video-preview:-1\" \/>\n<link rel=\"canonical\" href=\"https:\/\/almahistoricahotel.com\/en\/\" \/>\n<meta property=\"og:locale\" content=\"en_US\" \/>\n<meta property=\"og:type\" content=\"article\" \/>\n<meta property=\"og:title\" content=\"Alma Historica Hotel - Hotel Boutique en Montevideo - Uruguay\" \/>\n<meta property=\"og:description\" content=\"Contamos con 15 habitaciones diferentes, distribuidas en 3 categor\u00edas. Cada habitaci\u00f3n es especial y est\u00e1 inspirada en un personaje de la cultura uruguaya. Pensamos cada uno de sus detalles para crear un espacio confortable y elegante.\" \/>\n<meta property=\"og:url\" content=\"https:\/\/almahistoricahotel.com\/en\/\" \/>\n<meta property=\"og:site_name\" content=\"Alma Historica Hotel\" \/>\n<meta property=\"article:modified_time\" content=\"2022-09-20T11:52:09+00:00\" \/>\n<meta property=\"og:image\" content=\"https:\/\/almahistoricahotel.com\/wp-content\/uploads\/2019\/12\/portada-hotel.jpg\" \/>\n<meta name=\"twitter:card\" content=\"summary_large_image\" \/>\n<meta name=\"twitter:label1\" content=\"Est. reading time\" \/>\n\t<meta name=\"twitter:data1\" content=\"2 minutes\" \/>\n<script type=\"application\/ld+json\" class=\"yoast-schema-graph\">{\"@context\":\"https:\/\/schema.org\",\"@graph\":[{\"@type\":\"WebPage\",\"@id\":\"https:\/\/almahistoricahotel.com\/es\/\",\"url\":\"https:\/\/almahistoricahotel.com\/es\/\",\"name\":\"Alma Historica Hotel - Hotel Boutique en Montevideo - Uruguay\",\"isPartOf\":{\"@id\":\"https:\/\/almahistoricahotel.com\/#website\"},\"datePublished\":\"2019-11-30T16:03:19+00:00\",\"dateModified\":\"2022-09-20T11:52:09+00:00\",\"description\":\"Contamos con 15 habitaciones diferentes, distribuidas en 3 categor\u00edas. Cada habitaci\u00f3n es especial y est\u00e1 inspirada en un personaje de la cultura uruguaya. Pensamos cada uno de sus detalles para crear un espacio confortable y elegante.\",\"breadcrumb\":{\"@id\":\"https:\/\/almahistoricahotel.com\/es\/#breadcrumb\"},\"inLanguage\":\"en-US\",\"potentialAction\":[{\"@type\":\"ReadAction\",\"target\":[\"https:\/\/almahistoricahotel.com\/es\/\"]}]},{\"@type\":\"BreadcrumbList\",\"@id\":\"https:\/\/almahistoricahotel.com\/es\/#breadcrumb\",\"itemListElement\":[{\"@type\":\"ListItem\",\"position\":1,\"name\":\"Home\",\"item\":\"https:\/\/almahistoricahotel.com\/\"},{\"@type\":\"ListItem\",\"position\":2,\"name\":\"Inicio\"}]},{\"@type\":\"WebSite\",\"@id\":\"https:\/\/almahistoricahotel.com\/#website\",\"url\":\"https:\/\/almahistoricahotel.com\/\",\"name\":\"Alma Historica Hotel\",\"description\":\"Otro sitio realizado con WordPress\",\"potentialAction\":[{\"@type\":\"SearchAction\",\"target\":{\"@type\":\"EntryPoint\",\"urlTemplate\":\"https:\/\/almahistoricahotel.com\/?s={search_term_string}\"},\"query-input\":\"required name=search_term_string\"}],\"inLanguage\":\"en-US\"}]}<\/script>\n<!-- \/ Yoast SEO plugin. -->","yoast_head_json":{"title":"Alma Historica Hotel - Hotel Boutique en Montevideo - Uruguay","description":"Contamos con 15 habitaciones diferentes, distribuidas en 3 categor\u00edas. Cada habitaci\u00f3n es especial y est\u00e1 inspirada en un personaje de la cultura uruguaya. Pensamos cada uno de sus detalles para crear un espacio confortable y elegante.","robots":{"index":"index","follow":"follow","max-snippet":"max-snippet:-1","max-image-preview":"max-image-preview:large","max-video-preview":"max-video-preview:-1"},"canonical":"https:\/\/almahistoricahotel.com\/en\/","og_locale":"en_US","og_type":"article","og_title":"Alma Historica Hotel - Hotel Boutique en Montevideo - Uruguay","og_description":"Contamos con 15 habitaciones diferentes, distribuidas en 3 categor\u00edas. Cada habitaci\u00f3n es especial y est\u00e1 inspirada en un personaje de la cultura uruguaya. Pensamos cada uno de sus detalles para crear un espacio confortable y elegante.","og_url":"https:\/\/almahistoricahotel.com\/en\/","og_site_name":"Alma Historica Hotel","article_modified_time":"2022-09-20T11:52:09+00:00","og_image":[{"url":"https:\/\/almahistoricahotel.com\/wp-content\/uploads\/2019\/12\/portada-hotel.jpg"}],"twitter_card":"summary_large_image","twitter_misc":{"Est. reading time":"2 minutes"},"schema":{"@context":"https:\/\/schema.org","@graph":[{"@type":"WebPage","@id":"https:\/\/almahistoricahotel.com\/es\/","url":"https:\/\/almahistoricahotel.com\/es\/","name":"Alma Historica Hotel - Hotel Boutique en Montevideo - Uruguay","isPartOf":{"@id":"https:\/\/almahistoricahotel.com\/#website"},"datePublished":"2019-11-30T16:03:19+00:00","dateModified":"2022-09-20T11:52:09+00:00","description":"Contamos con 15 habitaciones diferentes, distribuidas en 3 categor\u00edas. Cada habitaci\u00f3n es especial y est\u00e1 inspirada en un personaje de la cultura uruguaya. Pensamos cada uno de sus detalles para crear un espacio confortable y elegante.","breadcrumb":{"@id":"https:\/\/almahistoricahotel.com\/es\/#breadcrumb"},"inLanguage":"en-US","potentialAction":[{"@type":"ReadAction","target":["https:\/\/almahistoricahotel.com\/es\/"]}]},{"@type":"BreadcrumbList","@id":"https:\/\/almahistoricahotel.com\/es\/#breadcrumb","itemListElement":[{"@type":"ListItem","position":1,"name":"Home","item":"https:\/\/almahistoricahotel.com\/"},{"@type":"ListItem","position":2,"name":"Inicio"}]},{"@type":"WebSite","@id":"https:\/\/almahistoricahotel.com\/#website","url":"https:\/\/almahistoricahotel.com\/","name":"Alma Historica Hotel","description":"Otro sitio realizado con WordPress","potentialAction":[{"@type":"SearchAction","target":{"@type":"EntryPoint","urlTemplate":"https:\/\/almahistoricahotel.com\/?s={search_term_string}"},"query-input":"required name=search_term_string"}],"inLanguage":"en-US"}]}},"_links":{"self":[{"href":"https:\/\/almahistoricahotel.com\/en\/wp-json\/wp\/v2\/pages\/2","targetHints":{"allow":["GET"]}}],"collection":[{"href":"https:\/\/almahistoricahotel.com\/en\/wp-json\/wp\/v2\/pages"}],"about":[{"href":"https:\/\/almahistoricahotel.com\/en\/wp-json\/wp\/v2\/types\/page"}],"author":[{"embeddable":true,"href":"https:\/\/almahistoricahotel.com\/en\/wp-json\/wp\/v2\/users\/1"}],"replies":[{"embeddable":true,"href":"https:\/\/almahistoricahotel.com\/en\/wp-json\/wp\/v2\/comments?post=2"}],"version-history":[{"count":5,"href":"https:\/\/almahistoricahotel.com\/en\/wp-json\/wp\/v2\/pages\/2\/revisions"}],"predecessor-version":[{"id":1165,"href":"https:\/\/almahistoricahotel.com\/en\/wp-json\/wp\/v2\/pages\/2\/revisions\/1165"}],"wp:attachment":[{"href":"https:\/\/almahistoricahotel.com\/en\/wp-json\/wp\/v2\/media?parent=2"}],"curies":[{"name":"wp","href":"https:\/\/api.w.org\/{rel}","templated":true}]}}